{"id":1335,"date":"2023-03-07T06:49:23","date_gmt":"2023-03-07T05:49:23","guid":{"rendered":"http:\/\/challengeregionalfoulees32.fr\/?page_id=1335"},"modified":"2023-09-12T09:50:45","modified_gmt":"2023-09-12T07:50:45","slug":"calendrier-2023","status":"publish","type":"page","link":"https:\/\/challengeregionalfoulees32.fr\/?page_id=1335","title":{"rendered":"Calendrier 2023 modificatif au 5 septembre 2023 suite annulations d&rsquo;\u00e9preuves liens \u00e0 jour"},"content":{"rendered":"\n<p><\/p>\n\n\n\n<div class=\"wp-block-columns is-layout-flex wp-container-core-columns-is-layout-2 wp-block-columns-is-layout-flex\">\n<div class=\"wp-block-column is-layout-flow wp-block-column-is-layout-flow\" style=\"flex-basis:100%\">\n<div class=\"wp-block-columns is-layout-flex wp-container-core-columns-is-layout-1 wp-block-columns-is-layout-flex\">\n<div class=\"wp-block-column is-layout-flow wp-block-column-is-layout-flow\" style=\"flex-basis:100%\">\n<figure class=\"wp-block-table is-style-stripes\"><table><tbody><tr><td><\/td><td>1<\/td><td>12\/03<\/td><td>Mi\u00e9lan (32)<\/td><td>Vasco trail<\/td><td>13kms <\/td><td>10h00<\/td><td>1300pts<\/td><td>vascotrail@gmail.com<\/td><td class=\"has-text-align-center\" data-align=\"center\"><a href=\"https:\/\/chronometrage.com\/events\/vascotrail-2023\">https:\/\/chronometrage.com\/events\/vascotrail-2023<\/a><\/td><\/tr><tr><td><\/td><td>1bis<\/td><td>12\/03<\/td><td>Montr\u00e9jeau (31)<\/td><td>La flamme Occitane<\/td><td>5kms<br><\/td><td>9h45<\/td><td>600pts<br><\/td><td><a href=\"https:\/\/acmrunningclub.jimdofree.com\">https:\/\/acmrunningclub.jimdofree.com<\/a>\/<\/td><td class=\"has-text-align-center\" data-align=\"center\"><a href=\"https:\/\/flamme-occitane-2023.onsinscrit.com\/accueil.php\">https:\/\/flamme-occitane-2023.onsinscrit.com\/accueil.php<\/a><\/td><\/tr><tr><td><\/td><td>1bis<\/td><td>12\/03<\/td><td>Montr\u00e9jeau (31)<\/td><td>La flamme Occitane<\/td><td>15.2kms<\/td><td>9h00<\/td><td>1500pts<\/td><td><a href=\"https:\/\/acmrunningclub.jimdofree.com\">https:\/\/acmrunningclub.jimdofree.com<\/a>\/<\/td><td class=\"has-text-align-center\" data-align=\"center\"><a href=\"https:\/\/flamme-occitane-2023.onsinscrit.com\/accueil.php\">https:\/\/flamme-occitane-2023.onsinscrit.com\/accueil.php<\/a><\/td><\/tr><tr><td><\/td><td><br>2<br><\/td><td>19\/03<br><\/td><td>Auch(32)<\/td><td>Souffle du gers<\/td><td>10kms<\/td><td>10h00<\/td><td>1000pts<\/td><td><a href=\"https:\/\/www.lesouffledugers.fr\/page\/1407350-accueil\">https:\/\/www.lesouffledugers.fr\/page\/1407350-accueil<\/a><\/td><td class=\"has-text-align-center\" data-align=\"center\"><a href=\"https:\/\/www.njuko.net\/souffledugers2023\/select_competition\">https:\/\/www.njuko.net\/souffledugers2023\/select_competition<\/a><\/td><\/tr><tr><td><\/td><td>2<\/td><td>19\/03<\/td><td>Auch(32)<\/td><td>souffle du gers<\/td><td>21.1kms<\/td><td>9h50<\/td><td>2100pts<\/td><td><a href=\"https:\/\/www.lesouffledugers.fr\/page\/1407350-accueil\">https:\/\/www.lesouffledugers.fr\/page\/1407350-accueil<\/a><\/td><td class=\"has-text-align-center\" data-align=\"center\"><a href=\"https:\/\/www.njuko.net\/souffledugers2023\/select_competition\">https:\/\/www.njuko.net\/souffledugers2023\/select_competition<\/a><\/td><\/tr><tr><td><\/td><td>3<\/td><td>26\/03<\/td><td>Le Houga<\/td><td>Lou coursayre de l&rsquo;armagnac<\/td><td>7 kms<\/td><td>10h00<\/td><td>800 pts<\/td><td><a href=\"https:\/\/www.facebook.com\/PLBeroy32\/\">https:\/\/www.facebook.com\/PLBeroy32\/<\/a><\/td><td class=\"has-text-align-center\" data-align=\"center\"><\/td><\/tr><tr><td><\/td><td>3<\/td><td>26\/03<\/td><td>Le Houga<\/td><td>Lou coursayre de l&rsquo;armagna<\/td><td>14kms<\/td><td>10h00<\/td><td>1400pts<\/td><td><a href=\"https:\/\/www.facebook.com\/PLBeroy32\/\">https:\/\/www.facebook.com\/PLBeroy32\/<\/a><\/td><td class=\"has-text-align-center\" data-align=\"center\"><\/td><\/tr><tr><td><\/td><td>4<\/td><td>2\/04<\/td><td>Eauze (32)<\/td><td>la foul\u00e9e <br>de Sarah<\/td><td>8 kms<\/td><td>10h00<\/td><td>900 pts<\/td><td><a href=\"https:\/\/www.facebook.com\/runningclubelusate\">https:\/\/www.facebook.com\/runningclubelusate<\/a><\/td><td class=\"has-text-align-center\" data-align=\"center\">inscription sur place<\/td><\/tr><tr><td><\/td><td>4<\/td><td>2\/04<\/td><td>Eauze (32)<\/td><td>la course de Sarah<\/td><td>14kms<\/td><td>10h00<\/td><td>1400pts<\/td><td><a href=\"https:\/\/www.facebook.com\/runningclubelusate\">https:\/\/www.facebook.com\/runningclubelusate<\/a><\/td><td class=\"has-text-align-center\" data-align=\"center\">inscription sur place<\/td><\/tr><tr><td><\/td><td>5<\/td><td>16\/04<\/td><td>St Paul Sur Save (-31)<\/td><td>Entre Save et galop<\/td><td>9.3kms<\/td><td>9h45<\/td><td>1000pts<\/td><td><a href=\"https:\/\/trailentresaveetgalop.fr\/\">https:\/\/trailentresaveetgalop.fr\/<\/a><\/td><td class=\"has-text-align-center\" data-align=\"center\"><a href=\"https:\/\/chrono-start.com\/Inscription\/Course\/genforminscription\">https:\/\/chrono-start.com\/Inscription\/Course\/genforminscription<\/a><\/td><\/tr><tr><td><\/td><td>5<\/td><td>16\/04<\/td><td>St Paul Sur Save (-31)<\/td><td>Entre Save et galop<\/td><td>14.3kms<\/td><td>9h30<\/td><td>1500pts<\/td><td><a href=\"https:\/\/trailentresaveetgalop.fr\/\">https:\/\/trailentresaveetgalop.fr\/<\/a><\/td><td class=\"has-text-align-center\" data-align=\"center\"><a href=\"https:\/\/chrono-start.com\/Inscription\/Course\/genforminscription\">https:\/\/chrono-start.com\/Inscription\/Course\/genforminscription<\/a><\/td><\/tr><tr><td><\/td><td>5<\/td><td>16\/04<\/td><td>St Paul Sur Save (-31)<\/td><td>Entre Save et galop<\/td><td>24.3kms<\/td><td>9h15<\/td><td>2500pts<\/td><td><a href=\"https:\/\/trailentresaveetgalop.fr\/\">https:\/\/trailentresaveetgalop.fr\/<\/a><\/td><td class=\"has-text-align-center\" data-align=\"center\">https:\/\/chrono-start.com\/Inscription\/Course\/genforminscription<\/td><\/tr><tr><td><\/td><td>6<\/td><td>23\/04<\/td><td>Horgues(65)<\/td><td>foul\u00e9e du printemps<\/td><td>5kms<\/td><td>10h00<\/td><td>600pts<\/td><td><a href=\"https:\/\/www.facebook.com\/runclub65\">https:\/\/www.facebook.com\/runclub65<\/a><\/td><td class=\"has-text-align-center\" data-align=\"center\">inscription sur place<br> stade de foot horgues<\/td><\/tr><tr><td><\/td><td>6<\/td><td>23\/04<\/td><td>Horgues(65)<\/td><td>foul\u00e9e du printemps<\/td><td>10kms<\/td><td>10h00<\/td><td>1000pts<\/td><td><a href=\"https:\/\/www.facebook.com\/runclub65\">https:\/\/www.facebook.com\/runclub65<\/a><\/td><td class=\"has-text-align-center\" data-align=\"center\"><\/td><\/tr><tr><td><\/td><td>7<\/td><td>7\/05<\/td><td>Aurimont(32)<\/td><td>ballade<br> des coteaux<\/td><td>8.5 kms<\/td><td>9h30<\/td><td>1000pts<\/td><td>Nathalie DARIES 06.73.67.75.09<br>Patricia MULE : 06.31.46.03.26<\/td><td class=\"has-text-align-center\" data-align=\"center\"><a href=\"https:\/\/dashboard.chronometrage.com\/evenement\/balade-des-coteaux-aurimont\">https:\/\/dashboard.chronometrage.com\/evenement\/balade-des-coteaux-aurimont<\/a><\/td><\/tr><tr><td><\/td><td>7<\/td><td>07\/05<\/td><td>Aurimont(32)<\/td><td>ballade<br> des coteau<\/td><td>16.2kms<\/td><td>9h30<\/td><td>1600pts<\/td><td><a href=\"https:\/\/chronometrage.com\/events\/balade-des-coteaux-aurimont\">https:\/\/chronometrage.com\/events\/balade-des-coteaux-aurimont<\/a><\/td><td class=\"has-text-align-center\" data-align=\"center\"><a href=\"https:\/\/dashboard.chronometrage.com\/evenement\/balade-des-coteaux-aurimont\">https:\/\/dashboard.chronometrage.com\/evenement\/balade-des-coteaux-aurimont<\/a><\/td><\/tr><tr><td><\/td><td>7 bis<br><\/td><td>07\/05<\/td><td>Lafitte(82)<\/td><td>trail lafittois<br><\/td><td>10kms<\/td><td>9h00<\/td><td>1000pts<\/td><td><a href=\"http:\/\/www.lafittoistrail.fr\/\">http:\/\/www.lafittoistrail.fr\/<\/a><\/td><td class=\"has-text-align-center\" data-align=\"center\"><a href=\"https:\/\/chrono-start.com\/Inscription\/Course\/genforminscription\">https:\/\/chrono-start.com\/Inscription\/Course\/genforminscription<\/a><\/td><\/tr><tr><td><\/td><td>7bis<\/td><td>07\/05<\/td><td>Lafitte(82)<\/td><td>Trail lafittois<br><\/td><td>21kms<\/td><td>8h30<\/td><td>2200pts<\/td><td><a href=\"https:\/\/chrono-start.com\/Inscription\/Course\/detail\/c\/2800\">https:\/\/chrono-start.com\/Inscription\/Course\/detail\/c\/2800<\/a><\/td><td class=\"has-text-align-center\" data-align=\"center\"><a href=\"https:\/\/chrono-start.com\/Inscription\/Course\/genforminscription\">https:\/\/chrono-start.com\/Inscription\/Course\/genforminscription<\/a><\/td><\/tr><tr><td><\/td><td>bonus A<br><\/td><td>14\/05<\/td><td>Hontanx (10)<\/td><td>Trail des \u00e9tangs<\/td><td>8.5kms<\/td><td>9h00<\/td><td>1000pts<\/td><td><a href=\"https:\/\/www.facebook.com\/SportloisirsHontanxSaintGein\">https:\/\/www.facebook.com\/SportloisirsHontanxSaintGein<\/a><\/td><td class=\"has-text-align-center\" data-align=\"center\"><a href=\"https:\/\/pyreneeschrono.fr\/evenement\/trail-des-etangs\/\" data-type=\"URL\" data-id=\"https:\/\/pyreneeschrono.fr\/evenement\/trail-des-etangs\/\">https:\/\/pyreneeschrono.fr\/evenement\/trail-des-etangs\/<\/a><\/td><\/tr><tr><td><\/td><td>bonus A<\/td><td>14\/05<\/td><td>Hontanx (40)<br><\/td><td>Trail des \u00e9tangs<\/td><td>19.5kms<\/td><td>9h00<\/td><td>2000pts<\/td><td><a href=\"https:\/\/pyreneeschrono.fr\/evenement\/trail-des-etangs\/\">https:\/\/pyreneeschrono.fr\/evenement\/trail-des-etangs\/<\/a><\/td><td class=\"has-text-align-center\" data-align=\"center\"><a href=\"https:\/\/pyreneeschrono.fr\/evenement\/trail-des-etangs\/\" data-type=\"URL\" data-id=\"https:\/\/pyreneeschrono.fr\/evenement\/trail-des-etangs\/\">https:\/\/pyreneeschrono.fr\/evenement\/trail-des-etangs\/<\/a><\/td><\/tr><tr><td><\/td><td>8<\/td><td>18\/05<\/td><td>nogaro (32)<br><\/td><td>Nogarun<\/td><td>7kms<\/td><td>10h00<\/td><td>800pts<\/td><td>Thomas ESCUDIER 06.87.42.29.84<br>nogarun@laposte.net<\/td><td class=\"has-text-align-center\" data-align=\"center\"><a href=\"https:\/\/protiming.fr\/Runnings\/detail\/6785\">https:\/\/protiming.fr\/Runnings\/detail\/6785<\/a><\/td><\/tr><tr><td><\/td><td>8<\/td><td>18\/05<\/td><td>nogaro (32)<br><\/td><td>Nogarun<\/td><td>12kms<\/td><td>10h00<\/td><td>1200pts<\/td><td><a href=\"https:\/\/protiming.fr\/Runnings\/detail\/6785-Nogarun\">https:\/\/protiming.fr\/Runnings\/detail\/6785-Nogarun<\/a><\/td><td class=\"has-text-align-center\" data-align=\"center\"><a href=\"https:\/\/protiming.fr\/Runnings\/detail\/6785\">https:\/\/protiming.fr\/Runnings\/detail\/6785<\/a><\/td><\/tr><tr><td><\/td><td>8<\/td><td>18\/05<\/td><td>nogaro (32)<br><\/td><td>Nogarun<\/td><td>21kms<\/td><td>10h00<\/td><td>2100pts<\/td><td>Thomas ESCUDIER 06.87.42.29.84<br>nogarun@laposte.net<\/td><td class=\"has-text-align-center\" data-align=\"center\"><a href=\"https:\/\/protiming.fr\/Runnings\/detail\/6785\">https:\/\/protiming.fr\/Runnings\/detail\/6785<\/a><\/td><\/tr><tr><td><\/td><td>9<\/td><td>20\/05<\/td><td>Samatan (32)<\/td><td>Maxi verte<\/td><td>5kms<\/td><td>10h00<\/td><td>600pts<\/td><td><a href=\"https:\/\/www.facebook.com\/globtrottzelles\/\">https:\/\/www.facebook.com\/globtrottzelles\/<\/a><\/td><td class=\"has-text-align-center\" data-align=\"center\"><\/td><\/tr><tr><td><\/td><td>9<\/td><td>20\/05<\/td><td>Samatan (32)<br><\/td><td>Maxi verte<br><\/td><td>10kms<\/td><td>10h00<\/td><td>1000pts<\/td><td><a href=\"https:\/\/chronometrage.com\/events\/le-trail-de-la-maxi-verte-les-globtrottzelles?fbclid=IwAR2TuQMTxKSAz9Olz8oLVyJoHngVi7hYEZp2Vo76pkJX3sugGzSgWSy2IJg\" target=\"_blank\" rel=\"noreferrer noopener\">https:\/\/chro<\/a><a href=\"https:\/\/chronometrage.com\/events\/le-trail-de-la-maxi-verte-les-globtrottzelles?fbclid=IwAR2TuQMTxKSAz9Olz8oLVyJoHngVi7hYEZp2Vo76pkJX3sugGzSgWSy2IJg\">nometrage.com\/events\/le-trail-de-la-maxi-verte-les-globtrottzelles?fbclid=<\/a><a href=\"https:\/\/chronometrage.com\/events\/le-trail-de-la-maxi-verte-les-globtrottzelles?fbclid=IwAR2TuQMTxKSAz9Olz8oLVyJoHngVi7hYEZp2Vo76pkJX3sugGzSgWSy2IJg\" target=\"_blank\" rel=\"noreferrer noopener\">IwAR2TuQMTxKSAz9Olz8oLVyJoHngVi7hYEZp2Vo76pkJX3sugGzSgWSy2IJg<\/a><\/td><td class=\"has-text-align-center\" data-align=\"center\"><br><\/td><\/tr><tr><td><\/td><td>10<br><\/td><td>04\/06<\/td><td>Donzac (82)<br><\/td><td>trail du brulhois<br><\/td><td>10kms<\/td><td>9h00<\/td><td>1000pts<\/td><td><a href=\"https:\/\/www.facebook.com\/people\/Trail-de-Donzac\/100064749664256\/\">https:\/\/www.facebook.com\/people\/Trail-de-Donzac\/100064749664256\/<\/a><\/td><td class=\"has-text-align-center\" data-align=\"center\"><\/td><\/tr><tr><td><\/td><td>10<\/td><td>04\/06<\/td><td>Donzac (82)<\/td><td>Trai du brulhois<\/td><td>20kms<\/td><td>8h30<\/td><td>2000pts<\/td><td><a href=\"https:\/\/www.tiptiptop.top\/com\/articles.php?Page=24\">https:\/\/www.tiptiptop.top\/com\/articles.php?Page=24<\/a><\/td><td class=\"has-text-align-center\" data-align=\"center\"><\/td><\/tr><tr><td><\/td><td>11<\/td><td>09\/06<\/td><td>L&rsquo;Isle Jourdain (32)<\/td><td>foul\u00e9es de l&rsquo;isle<\/td><td>5kms<\/td><td>20h00<\/td><td>600pts<\/td><td><a href=\"http:\/\/www.lesfouleesdelisle.com\/\">http:\/\/www.lesfouleesdelisle.com\/<\/a><\/td><td class=\"has-text-align-center\" data-align=\"center\"><strong><a href=\"https:\/\/chrono-start.com\/inscriptions-listing\/\">www.chrono-start.com<\/a><\/strong><\/td><\/tr><tr><td><\/td><td>11<\/td><td>09\/06<\/td><td>L&rsquo;isle jourdaiin (32)<\/td><td>Foul\u00e9es de l&rsquo;isle<\/td><td>10kms<\/td><td>21h00<\/td><td>1000pts<\/td><td><a href=\"http:\/\/www.lesfouleesdelisle.com\/\">http:\/\/www.lesfouleesdelisle.com\/<\/a><\/td><td class=\"has-text-align-center\" data-align=\"center\"><strong>www.chr<a href=\"http:\/\/www?chronostart.com\">ono-start.c<\/a>om<\/strong><\/td><\/tr><tr><td><\/td><td>12<\/td><td>25\/06<\/td><td>Brax (32)<\/td><td>foul\u00e9es brax\u00e9enne<br><\/td><td>5kms<\/td><td>10h00<\/td><td>600pts<\/td><td><a href=\"https:\/\/www.lafouleebraxeenne.fr\/\">https:\/\/www.lafouleebraxeenne.fr\/<\/a><\/td><td class=\"has-text-align-center\" data-align=\"center\"><strong><a href=\"http:\/\/www.chronostart.com\">www.chrono-start.com<\/a><\/strong><\/td><\/tr><tr><td><\/td><td>12<\/td><td>25\/06<\/td><td>Brax (31)<br><\/td><td>foul\u00e9es brax\u00e9enne<br><\/td><td>11kms<\/td><td>9h30<\/td><td>1100pts<\/td><td><a href=\"https:\/\/www.lafouleebraxeenne.fr\/\">https:\/\/www.lafouleebraxeenne.fr\/<\/a><\/td><td class=\"has-text-align-center\" data-align=\"center\"><a href=\"https:\/\/chrono-start.com\/inscriptions-listing\/\">https:\/\/chrono-start.com\/inscriptions-listing\/<br><\/a><\/td><\/tr><tr><td><\/td><td>12<\/td><td>25\/06<\/td><td>Brax (31)<\/td><td>foul\u00e9es brax\u00e9enne<br><\/td><td>18kms<\/td><td>9h00<\/td><td>1800pts<\/td><td><a href=\"https:\/\/www.lafouleebraxeenne.fr\/\">https:\/\/www.lafouleebraxeenne.fr\/<\/a><\/td><td class=\"has-text-align-center\" data-align=\"center\"><strong><a href=\"https:\/\/chrono-start.com\/inscriptions-listing\/\">www.chrono-start.com<\/a><\/strong><\/td><\/tr><tr><td><\/td><td>12bis<\/td><td>25\/06<\/td><td>Soues (65)<\/td><td>la souessoise<br><\/td><td>10kms<\/td><td>9h00<\/td><td>1000pts<\/td><td>Tel: 06 12 33 09 97<br>m.caubisens@orange.fr<\/td><td class=\"has-text-align-center\" data-align=\"center\"><a href=\"https:\/\/www.jj-buffel.fr\/\">https:\/\/www.jj-buffel.fr\/<\/a><\/td><\/tr><tr><td><\/td><td>13<\/td><td>16\/07<\/td><td>Garganvillar (82)<\/td><td>trail du chateau des terrides<\/td><td>12kms<\/td><td>8h30<\/td><td>1200pts<\/td><td><a href=\"https:\/\/www.facebook.com\/people\/Course-Garganvillar-et-trail-du-ch%C3%A2teau-de-Terrides\/100063756421764\/\">https:\/\/www.facebook.com\/people\/Course-Garganvillar-et-trail-du-ch%C3%A2teau-de-Terrides\/100063756421764\/<\/a><\/td><td class=\"has-text-align-center\" data-align=\"center\"><a href=\"https:\/\/chrono-start.com\/inscriptions-listing\/\">https:\/\/chrono-start.com\/inscriptions-listing\/<\/a><\/td><\/tr><tr><td><\/td><td>13<\/td><td>16\/07<\/td><td>Graganvillar (82)<br><\/td><td>trail du chateau des terrides<\/td><td>22kms<\/td><td>8h00<\/td><td>2300pts<\/td><td><a href=\"https:\/\/www.facebook.com\/people\/Course-Garganvillar-et-trail-du-ch%C3%A2teau-de-Terrides\/100063756421764\/\">https:\/\/www.facebook.com\/people\/Course-Garganvillar-et-trail-du-ch%C3%A2teau-de-Terrides\/100063756421764\/<\/a><\/td><td class=\"has-text-align-center\" data-align=\"center\"><a href=\"https:\/\/chrono-start.com\/inscriptions-listing\/\">https:\/\/chrono-start.com\/inscriptions-listing\/<\/a><\/td><\/tr><tr><td><\/td><td>14<\/td><td>21\/07<\/td><td>Escatalens (82)<br><\/td><td>course de la madelaine<\/td><td>5kms<\/td><td>20h00<\/td><td>600pts<\/td><td>PASIN Danielle<br>06 72 46 78 95<\/td><td class=\"has-text-align-center\" data-align=\"center\"><a href=\"https:\/\/chrono-start.com\/inscriptions-listing\/\">https:\/\/chrono-start.com\/inscriptions-listin<\/a><\/td><\/tr><tr><td><\/td><td>14<\/td><td>21\/07<\/td><td>Escatalens (82)<\/td><td>course de la madelaine<br><\/td><td>10kms<\/td><td>20h00<\/td><td>1000pts<\/td><td><a href=\"https:\/\/www.facebook.com\/groups\/513561422166774\/\">https:\/\/www.facebook.com\/groups\/513561422166774\/<\/a><\/td><td class=\"has-text-align-center\" data-align=\"center\"><a href=\"https:\/\/chrono-start.com\/inscriptions-listing\/\">https:\/\/chrono-start.com\/inscriptions-listin<\/a><\/td><\/tr><tr><td><\/td><td>bonusB<\/td><td>19\/08<\/td><td>Colayrac St Cirq (47)<br><\/td><td>trail Garonne en f\u00eate<br><\/td><td>10.2kms<\/td><td>10h00<\/td><td>1100pts<\/td><td><a href=\"https:\/\/fouleesduvicbilh.jimdofree.com\/\">https:\/\/fouleesduvicbilh.jimdofree.com\/<\/a><\/td><td class=\"has-text-align-center\" data-align=\"center\"><a href=\"https:\/\/pyreneeschrono.fr\">https:\/\/pyreneeschrono.f<\/a>r<\/td><\/tr><tr><td><\/td><td>15<\/td><td>25\/08<\/td><td>Montech (82)<\/td><td>corrida<\/td><td>5kms<\/td><td>19h15<\/td><td>600pts<\/td><td><a href=\"http:\/\/www.couriramontech82.sitew.com\">http:\/\/www.couriramontech82.sitew.com<\/a>\/<\/td><td class=\"has-text-align-center\" data-align=\"center\"><a href=\"https:\/\/chrono-start.com\/inscriptions-listing\/\">https:\/\/chrono-start.com\/inscriptions-listing\/<\/a><\/td><\/tr><tr><td><\/td><td>15<\/td><td>25\/08<\/td><td>Montech (82)<\/td><td>corrida<\/td><td>10kms<\/td><td>19h15<\/td><td>1000pts<\/td><td><a href=\"https:\/\/www.facebook.com\/groups\/137019086324069\">https:\/\/www.facebook.com\/groups\/137019086324069<\/a><\/td><td class=\"has-text-align-center\" data-align=\"center\"><a href=\"https:\/\/chrono-start.com\/inscriptions-listing\/\">https:\/\/chrono-start.com\/inscriptions-listing\/<\/a><\/td><\/tr><tr><td><\/td><td>16<\/td><td>02\/09<\/td><td>Plaisance(32)<br><\/td><td>vins de st mont en course<br><\/td><td>21kms<\/td><td>10h00<\/td><td>2100pys<\/td><td><a href=\"https:\/\/www.vins-saintmont.com\/vignoble-en-course\/\">https:\/\/www.vins-saintmont.com\/vignoble-en-course\/<\/a><\/td><td class=\"has-text-align-center\" data-align=\"center\"><a href=\"https:\/\/pyreneeschrono.fr\">https:\/\/pyreneeschrono.fr<\/a><\/td><\/tr><tr><td><\/td><td>16<\/td><td>02\/09<\/td><td>Plaisance(32)<\/td><td>vins de st mont en course<br><\/td><td>12kms<\/td><td>14h30<\/td><td>1200pts<\/td><td><a href=\"https:\/\/www.vins-saintmont.com\/vignoble-en-course\/\">https:\/\/www.vins-saintmont.com\/vignoble-en-course\/<\/a><\/td><td class=\"has-text-align-center\" data-align=\"center\"><br><a href=\"https:\/\/pyreneeschrono.fr\">https:\/\/pyreneeschrono.fr<\/a><\/td><\/tr><tr><td><\/td><td>16<\/td><td>02\/09<\/td><td>Plaisance(32)<\/td><td>vins de st mont en course<br><\/td><td>9kms<\/td><td>14h30<\/td><td>1000pts<\/td><td><a href=\"https:\/\/www.vins-saintmont.com\/vignoble-en-course\/\">https:\/\/www.vins-saintmont.com\/vignoble-en-course\/<\/a><\/td><td class=\"has-text-align-center\" data-align=\"center\"><a href=\"https:\/\/pyreneeschrono.fr\">https:\/\/pyreneeschrono.fr<\/a><\/td><\/tr><tr><td><\/td><td>17<\/td><td>03\/09<\/td><td>L&rsquo;Isle Jourdain<\/td><td>Laronda des  coudous<\/td><td>14kms<\/td><td>9h30<\/td><td>1400pts<\/td><td><a href=\"http:\/\/coudous.com\/laronda\/\">http:\/\/coudous.com\/laronda\/<\/a><\/td><td class=\"has-text-align-center\" data-align=\"center\"><\/td><\/tr><tr><td><\/td><td>17 bis<br><\/td><td>03\/09<\/td><td>Soues (65)<\/td><td>la gambettoise<\/td><td>10 kms<\/td><td>9h30<\/td><td>1000pts<\/td><td><a rel=\"noreferrer noopener\" href=\"https:\/\/www.le-sportif.com\/?fbclid=IwAR1hFfKgkXBnuO7hSVtJDOZJUcL9sREHRM25Kqudz6eLy2uDE29icCxe0Sc\" target=\"_blank\">https:\/\/www.le-sportif.com\/<\/a><\/td><td class=\"has-text-align-center\" data-align=\"center\"><\/td><\/tr><tr><td><\/td><td>18<\/td><td>17\/09<\/td><td>Ayet (47)<\/td><td>course naturel des 3 plateaux<\/td><td>7kms<\/td><td>9h00<\/td><td>800pts<\/td><td><a href=\"https:\/\/course-nature-des-3-plateaux.jimdofree.com\">https:\/\/course-nature-des-3-plateaux.jimdofree.com<\/a><\/td><td class=\"has-text-align-center\" data-align=\"center\"><\/td><\/tr><tr><td><\/td><td>18<\/td><td>17\/09<\/td><td>Ayet (47)<\/td><td>course naturel des 3 plateaux<\/td><td>11.3kms<\/td><td>9h00<\/td><td>1200pts<\/td><td><a href=\"https:\/\/course-nature-des-3-plateaux.jimdofree.com\">https:\/\/course-nature-des-3-plateaux.jimdofree.com<\/a><\/td><td class=\"has-text-align-center\" data-align=\"center\"><\/td><\/tr><tr><td><\/td><td>18<\/td><td>17\/09<\/td><td>Ayet (47)<\/td><td>course naturel des 3 plateaux<\/td><td>20kms<\/td><td>8h30<\/td><td>2100pts<\/td><td><a href=\"https:\/\/course-nature-des-3-plateaux.jimdofree.com\">https:\/\/course-nature-des-3-plateaux.jimdofree.com<\/a><\/td><td class=\"has-text-align-center\" data-align=\"center\"><\/td><\/tr><tr><td><\/td><td>18bis<\/td><td>16\/09<\/td><td>Vic fezensac (32)<\/td><td>galop&rsquo;in vic<\/td><td>7kms<\/td><td>18h30<\/td><td>800pts<\/td><td><a href=\"https:\/\/www.facebook.com\/groups\/1490034017940251\">https:\/\/www.facebook.com\/groups\/1490034017940251<\/a><\/td><td class=\"has-text-align-center\" data-align=\"center\"><\/td><\/tr><tr><td><\/td><td>18bis<\/td><td>16\/09<\/td><td>Vic fezensac (32)<\/td><td>galop&rsquo;in vic<\/td><td>12kms<\/td><td>18h30<\/td><td>1200pts<\/td><td><a href=\"https:\/\/www.facebook.com\/groups\/1490034\">https:\/\/www.facebook.com\/groups\/1490034<\/a><\/td><td class=\"has-text-align-center\" data-align=\"center\"><\/td><\/tr><tr><td><\/td><td>19<\/td><td>24\/09<\/td><td>condom(32)<\/td><td>foul\u00e9es condomoises<\/td><td>5kms<\/td><td>9h00<\/td><td>600pts<\/td><td><a href=\"http:\/\/www.sacathletisme.fr\/Foulees.html\">http:\/\/www.sacathletisme.fr\/Foulees.html<\/a><\/td><td class=\"has-text-align-center\" data-align=\"center\"><\/td><\/tr><tr><td><\/td><td>19<br><\/td><td>24\/09<\/td><td>Condom(32)<\/td><td>foul\u00e9es condomoise<\/td><td>10.5kms<\/td><td>9h00<\/td><td>1100pts<\/td><td><a href=\"http:\/\/www.sacathletisme.fr\/Foulees.htm\">http:\/\/www.sacathletisme.fr\/Foulees.htm<\/a>l<\/td><td class=\"has-text-align-center\" data-align=\"center\"><\/td><\/tr><tr><td><\/td><td>19bis<\/td><td>24\/09<\/td><td>Villeneuve de Marsan (40)<\/td><td>semi-marathon de l&rsquo;armagnac<\/td><td>10kms<\/td><td>9h00<\/td><td>1000pts<\/td><td>https:\/\/semi-marathon-armagnac.com\/<\/td><td class=\"has-text-align-center\" data-align=\"center\"><a href=\"https:\/\/pyreneeschrono.fr\">https:\/\/pyreneeschrono.fr<\/a><\/td><\/tr><tr><td><\/td><td>19bis<\/td><td>24\/09<\/td><td>Villeneuve de Marsan(40)<\/td><td>semi-marathon de l&rsquo;armagnac<\/td><td>21.1kms<\/td><td>9h00<\/td><td>2100pts<\/td><td>h<a href=\"ttps:\/\/semi-marathon-armagnac.com\/\">ttps:\/\/semi-marathon-armagnac.com\/<\/a><\/td><td class=\"has-text-align-center\" data-align=\"center\"><a href=\"https:\/\/pyreneeschrono.fr\">https:\/\/pyreneeschrono.fr<\/a><\/td><\/tr><tr><td><\/td><td>bonus c<\/td><td>01\/10<\/td><td>Foulayronnes(47)<\/td><td>course des moulins<\/td><td>12kms<\/td><td>9h00<\/td><td>1200pts<\/td><td><a href=\"https:\/\/www.lacoursedesmoulins.com\/\">https:\/\/www.lacoursedesmoulins.com\/<\/a><\/td><td class=\"has-text-align-center\" data-align=\"center\"><a href=\"https:\/\/www.njuko.net\/coursedesmoulins2023\/\">https:\/\/www.njuko.net\/coursedesmoulins2023\/<\/a><\/td><\/tr><tr><td><\/td><td>bonus C<\/td><td>01\/10<\/td><td>Foulayronnes(47)<\/td><td>course des moulins<\/td><td>20kms<\/td><td>8H30<\/td><td>2100pts<\/td><td><a href=\"https:\/\/www.lacoursedesmoulins.com\/\">https:\/\/www.lacoursedesmoulins.com\/<\/a><\/td><td class=\"has-text-align-center\" data-align=\"center\"><a href=\"https:\/\/www.njuko.net\/coursedesmoulins2023\/\">https:\/\/www.njuko.net\/coursedesmoulins2023\/<\/a><\/td><\/tr><tr><td><\/td><td>20<\/td><td>07\/10<\/td><td>Grenade(31)<\/td><td>cap sur Grenade<\/td><td>5kms<\/td><td>18h00<\/td><td>600pts<\/td><td><a href=\"https:\/\/enfiletesbaskets.fr\/\">https:\/\/enfiletesbaskets.fr\/<\/a><\/td><td class=\"has-text-align-center\" data-align=\"center\"><a href=\"https:\/\/chrono-start.com\/Inscription\/Course\/detail\/c\/3060\">https:\/\/chrono-start.com\/Inscription\/Course\/detail\/c\/3060<\/a><\/td><\/tr><tr><td><\/td><td>20<\/td><td>07\/10<\/td><td>Grenade(31)<\/td><td>cap sur Grenade<\/td><td>8kms<\/td><td>17h45<\/td><td>900pts<\/td><td><a href=\"https:\/\/enfiletesbaskets.fr\/\">https:\/\/enfiletesbaskets.fr\/<\/a><\/td><td class=\"has-text-align-center\" data-align=\"center\"><a href=\"https:\/\/chrono-start.com\/Inscription\/Course\/detail\/c\/3060\">https:\/\/chrono-start.com\/Inscription\/Course\/detail\/c\/3060<\/a><\/td><\/tr><tr><td><\/td><td>20<\/td><td>07\/10<\/td><td>Grenade(31)<\/td><td>cap sur Grenade<\/td><td>10kms<\/td><td>18h00<\/td><td>1000pts<\/td><td><a href=\"https:\/\/enfiletesbaskets.fr\/\">https:\/\/enfiletesbaskets.fr\/<\/a><\/td><td class=\"has-text-align-center\" data-align=\"center\"><a href=\"https:\/\/chrono-start.com\/Inscription\/Course\/detail\/c\/3060\">https:\/\/chrono-start.com\/Inscription\/Course\/detail\/c\/3060<\/a><\/td><\/tr><tr><td><\/td><td>20<\/td><td>07\/10<\/td><td>Grenade(31)<\/td><td>cap sur Grenade<\/td><td>18kms<\/td><td>17h30<\/td><td>1800pts<\/td><td><a href=\"https:\/\/enfiletesbaskets.fr\/\">https:\/\/enfiletesbaskets.fr\/<\/a><\/td><td class=\"has-text-align-center\" data-align=\"center\"><a href=\"https:\/\/chrono-start.com\/Inscription\/Course\/detail\/c\/3060\">https:\/\/chrono-start.com\/Inscription\/Course\/detail\/c\/3060<\/a><\/td><\/tr><tr><td><\/td><td>21<\/td><td>08\/10<\/td><td>Madiran(65)<\/td><td>foul\u00e9e du Madiran<\/td><td>15kms<\/td><td>10h00<\/td><td>1500pts<\/td><td><a href=\"https:\/\/commune-madiran.com\">https:\/\/commune-madiran.com<\/a><\/td><td class=\"has-text-align-center\" data-align=\"center\"><a href=\"https:\/\/pyreneeschrono.fr\">https:\/\/pyreneeschrono.fr<\/a><\/td><\/tr><tr><td><\/td><td>21<\/td><td>08\/10<\/td><td>Madiran(65)<\/td><td>foul\u00e9e du Madiran<\/td><td>20kms<\/td><td>9h00<\/td><td>2000pts<\/td><td><a href=\"https:\/\/commune-madiran.com\">https:\/\/commune-madiran.com<\/a><\/td><td class=\"has-text-align-center\" data-align=\"center\"><\/td><\/tr><tr><td><\/td><td>22<\/td><td>15\/10<\/td><td>Ordan Larroque (32)<\/td><td>trail de castel st louis<\/td><td>6.2kms<\/td><td>9h30<\/td><td>700pts<\/td><td>https:\/\/www.facebook.com\/pages\/Foyer-Castel-Saint-Louis\/1975103866042843<\/td><td class=\"has-text-align-center\" data-align=\"center\"><\/td><\/tr><tr><td><\/td><td>22<\/td><td>15\/10<\/td><td>Ordan larroque (32)<\/td><td>trail de castel st louis<\/td><td>12.2kms<\/td><td>9h30<\/td><td>1200pts<\/td><td><a href=\"https:\/\/www.facebook.com\/pages\/Foyer-Castel-Saint-Louis\/1975103866042843\">https:\/\/www.facebook.com\/pages\/Foyer-Castel-Saint-Louis\/1975103866042843<\/a><\/td><td class=\"has-text-align-center\" data-align=\"center\"><\/td><\/tr><tr><td><\/td><td>22bis<\/td><td>15\/10<\/td><td>Lavit de Lomagne(82)<\/td><td>La translomagnole<\/td><td>12kms<\/td><td>9h30<\/td><td>1200pts<\/td><td><a href=\"https:\/\/www.facebook.com\/mairielavit\">https:\/\/www.facebook.com\/mairielavit<\/a><\/td><td class=\"has-text-align-center\" data-align=\"center\"><a href=\"https:\/\/pb-organisation.com\/evenements\/la-balade-des-lacs\/\">https:\/\/pb-organisation.com\/evenements\/la-balade-des-lacs<\/a><br><\/td><\/tr><tr><td><\/td><td>22bis<\/td><td>15\/10<\/td><td>Lavit de Lomagne(82)<\/td><td>la translomagnole<br><\/td><td>19.5kms<\/td><td>9h30<\/td><td>2000pts<\/td><td><a href=\"https:\/\/www.facebook.com\/mairielavit\">https:\/\/www.facebook.com\/mairielavit<\/a><\/td><td class=\"has-text-align-center\" data-align=\"center\"><a href=\"https:\/\/pb-organisation.com\/evenements\/la-balade-des-lacs\/\">https:\/\/pb-organisation.com\/evenements\/la-balade-des-lacs\/<\/a><\/td><\/tr><tr><td><\/td><td>annul\u00e9<\/td><td>22\/10<\/td><td>St Sardos (82)<\/td><td>trail des vignerons<\/td><td>10kms<\/td><td>9h30<\/td><td>1000pts<\/td><td>Comit\u00e9 des f\u00eates et asso<br>Lon del Camin<br>HENRIC St\u00e9phanie<br>06 11 53 69 20 stephanie.gramaglia@hotmail.fr<\/td><td class=\"has-text-align-center\" data-align=\"center\"><\/td><\/tr><tr><td><\/td><td>annul\u00e9<\/td><td>22\/10<\/td><td>St Sardos (82)<\/td><td>trail des vignerons<\/td><td>23kms<\/td><td>9h30<\/td><td>2300pts<\/td><td><a href=\"https:\/\/www.facebook.com\/comitedesfetes.saintsardos\">https:\/\/www.facebook.com\/comitedesfetes.saintsardos<\/a><\/td><td class=\"has-text-align-center\" data-align=\"center\"><\/td><\/tr><tr><td><\/td><td>23<\/td><td>22\/10<\/td><td>St Sixte(47)<\/td><td>course des lacs<\/td><td>5kms<\/td><td>10h00<\/td><td>600pts<\/td><td><a href=\"https:\/\/www.facebook.com\/La-balade-des-lacs-111095797395650\/\">https:\/\/www.facebook.com\/La-balade-des-lacs-111095797395650\/<\/a><\/td><td class=\"has-text-align-center\" data-align=\"center\"><a href=\"https:\/\/pb-organisation.com\/evenements\/la-balade-des-lacs\/\">https:\/\/pb-organisation.com\/evenements\/la-balade-des-lacs\/<\/a><\/td><\/tr><tr><td><\/td><td>23<\/td><td>22\/10<\/td><td>St Sixte(47)<\/td><td><\/td><td>10kms<\/td><td>9h00<\/td><td>1000pts<\/td><td><a href=\"https:\/\/www.facebook.com\/La-balade-des-lacs-111095797395650\/\">https:\/\/www.facebook.com\/La-balade-des-lacs-111095797395650\/<\/a><\/td><td class=\"has-text-align-center\" data-align=\"center\"><a href=\"https:\/\/pb-organisation.com\/evenements\/la-balade-des-lacs\/\">https:\/\/pb-organisation.com\/evenements\/la-balade-des-lacs\/<\/a><\/td><\/tr><tr><td><\/td><td>24<\/td><td>5\/11<\/td><td>Ibos(65)<\/td><td>La M\u00e9ridienne<\/td><td>10kms<\/td><td>10h00<\/td><td>1000pts<\/td><td><a href=\"https:\/\/meridienne.tarbespyrenees-athletisme.com\/\">https:\/\/meridienne.tarbespyrenees-athletisme.com\/<\/a><\/td><td class=\"has-text-align-center\" data-align=\"center\"><a href=\"https:\/\/pyreneeschrono.fr\/evenement\/la-meridienne\/\">https:\/\/pyreneeschrono.fr\/evenement\/la-meridienne\/<\/a><\/td><\/tr><tr><td><\/td><td>25<\/td><td>12\/11<\/td><td>Montadet (32)<\/td><td>Foul\u00e9e pour Corentin<\/td><td>10kms<\/td><td>9h30<\/td><td>1000pts<\/td><td><a href=\"https:\/\/www.pourcorentin.fr\">https:\/\/www.pourcorentin.fr<\/a><\/td><td class=\"has-text-align-center\" data-align=\"center\"><\/td><\/tr><tr><td><\/td><td>26<\/td><td>18\/11<\/td><td>St Pierre de Clairac (47)<\/td><td>GWEN<\/td><td>13.5kms<\/td><td>19h00<\/td><td>1400pts<\/td><td><a href=\"https:\/\/www.psno.fr\/\">https:\/\/www.psno.fr\/<\/a><\/td><td class=\"has-text-align-center\" data-align=\"center\"><\/td><\/tr><tr><td><\/td><td>26<\/td><td>19\/11<\/td><td>St Pierre de Clairac (47)<\/td><td>GWEN<\/td><td>13.5kms<\/td><td>9h45<\/td><td>1400pts<\/td><td><a href=\"https:\/\/www.psno.fr\/\">https:\/\/www.psno.fr\/<\/a><\/td><td class=\"has-text-align-center\" data-align=\"center\"><\/td><\/tr><tr><td><\/td><td>26<\/td><td>19\/11<\/td><td>St Pierre de Clairac (47)<\/td><td>GWEN<\/td><td>26.5kms<\/td><td>9h30<\/td><td>2700pts<\/td><td><a href=\"https:\/\/www.psno.fr\/\">https:\/\/www.psno.fr\/<\/a><\/td><td class=\"has-text-align-center\" data-align=\"center\"><\/td><\/tr><tr><td><\/td><td>27<\/td><td>26\/11<\/td><td>Aventignan(65)<\/td><td>autour de Gargas<\/td><td>6.2kms<\/td><td>9h45<\/td><td>700pts<\/td><td><a href=\"https:\/\/acmrunningclub.jimdofree.com\">https:\/\/acmrunningclub.jimdofree.com<\/a>\/<\/td><td class=\"has-text-align-center\" data-align=\"center\"><a href=\"https:\/\/www.onsinscrit.com\/evenements\/\">https:\/\/www.onsinscrit.com\/evenements\/<\/a><\/td><\/tr><tr><td><\/td><td>27<\/td><td>26\/11<\/td><td>Aventignan(65)<\/td><td>autour de Gargas<\/td><td>15kms<\/td><td>9h30<\/td><td>1500pts<\/td><td><a href=\"https:\/\/acmrunningclub.jimdofree.com\">https:\/\/acmrunningclub.jimdofree.com<\/a>\/<\/td><td class=\"has-text-align-center\" data-align=\"center\"><a href=\"https:\/\/www.onsinscrit.com\/evenements\/\">https:\/\/www.onsinscrit.com\/evenements\/<\/a><\/td><\/tr><tr><td><\/td><td>27bis<\/td><td>26\/11<\/td><td>Casteljaloux(47)<\/td><td>semi marathon et 10km<\/td><td>10kms<\/td><td>10h00<\/td><td>1000pts<\/td><td><a href=\"https:\/\/www.mairie-casteljaloux.fr\/index.php\/decouvrir-casteljaloux\/loisirs-et-vie-associative\/les-21kms-de-casteljaloux\">https:\/\/www.mairie-casteljaloux.fr\/index.php\/decouvrir-casteljaloux\/loisirs-et-vie-associative\/les-21kms-de-casteljaloux<\/a><\/td><td class=\"has-text-align-center\" data-align=\"center\"><\/td><\/tr><tr><td><\/td><td>27bis<\/td><td>26\/11<\/td><td>Casteljaloux(47)<\/td><td>semi marathon et 10km<\/td><td>211kms<\/td><td>9h30<\/td><td>2100pts<\/td><td><a href=\"https:\/\/www.mairie-casteljaloux.fr\/index.php\/decouvrir-casteljaloux\/loisirs-et-vie-associative\/les-21kms-de-casteljaloux\">https:\/\/www.mairie-casteljaloux.fr\/index.php\/decouvrir-casteljaloux\/loisirs-et-vie-associative\/les-21kms-de-casteljaloux<\/a><\/td><td class=\"has-text-align-center\" data-align=\"center\"><\/td><\/tr><tr><td><\/td><td>28<\/td><td>10\/12<\/td><td>Cauderoue Barbaste(47)<\/td><td>course des sables<\/td><td>8kms<\/td><td>900pts<\/td><td>900pts<\/td><td><a href=\"https:\/\/www.coeuretsport47.fr\/\">https:\/\/www.coeuretsport47.fr\/<\/a><\/td><td class=\"has-text-align-center\" data-align=\"center\"><\/td><\/tr><tr><td><\/td><td>28<\/td><td>10\/12<\/td><td>Cauderoue Barbaste(47)<\/td><td>course des sables<\/td><td>15kms<\/td><td>1500pts<\/td><td>1500pts<\/td><td><a href=\"https:\/\/www.coeuretsport47.fr\/\">https:\/\/www.coeuretsport47.fr\/<\/a><\/td><td class=\"has-text-align-center\" data-align=\"center\"><\/td><\/tr><tr><td><\/td><td>29<\/td><td>24\/12<\/td><td>Aureilhan&rsquo;65)<br><\/td><td>corrida lou beretes<\/td><td>11kms<\/td><td>16h00<\/td><td>1100pts<\/td><td><a href=\"https:\/\/asca-fgf-aureilhan.clubeo.com\">https:\/\/asca-fgf-aureilhan.clubeo.com<\/a><\/td><td class=\"has-text-align-center\" data-align=\"center\"><\/td><\/tr><tr><td><\/td><td>30<\/td><td>31\/12<\/td><td>Auch(32)<\/td><td>corrida des berges<\/td><td>8.4kms<\/td><td>1000pts<\/td><td>1000pts<\/td><td><a href=\"https:\/\/ac-auch.fr\/corrida.php\">https:\/\/ac-auch.fr\/corrida.php<\/a><\/td><td class=\"has-text-align-center\" data-align=\"center\"><\/td><\/tr><tr><td><\/td><td><\/td><td><\/td><td><\/td><td><\/td><td><\/td><td><\/td><td><\/td><td><\/td><td class=\"has-text-align-center\" data-align=\"center\"><\/td><\/tr><\/tbody><\/table><figcaption class=\"wp-element-caption\">les liens inscription seront mis \u00e0 jour au fur et \u00e0 mesure de leur publication<\/figcaption><\/figure>\n\n\n\n<figure class=\"wp-block-table is-style-stripes\"><table><tbody><tr><td><\/td><td><\/td><td>Calendrier 2023 au 5 fevrier<\/td><td><\/td><td><\/td><td><\/td><td><\/td><td><\/td><td class=\"has-text-align-center\" data-align=\"center\"><\/td><\/tr><tr><td>1<\/td><td>12\/03<\/td><td>Mi\u00e9lan (32)<\/td><td>Vasco trail<\/td><td>13kms <\/td><td>10h00<\/td><td>1300pts<\/td><td>vascotrail@gmail.com<\/td><td class=\"has-text-align-center\" data-align=\"center\"><a href=\"https:\/\/chronometrage.com\/events\/vascotrail-2023\">https:\/\/chronometrage.com\/events\/vascotrail-2023<\/a><\/td><\/tr><tr><td>1bis<\/td><td>12\/03<\/td><td>Montr\u00e9jeau (31)<\/td><td>La flamme Occitane<\/td><td>5kms<br><\/td><td>9h45<\/td><td>600pts<br><\/td><td><a href=\"https:\/\/acmrunningclub.jimdofree.com\">https:\/\/acmrunningclub.jimdofree.com<\/a>\/<\/td><td class=\"has-text-align-center\" data-align=\"center\"><a href=\"https:\/\/flamme-occitane-2023.onsinscrit.com\/accueil.php\">https:\/\/flamme-occitane-2023.onsinscrit.com\/accueil.php<\/a><\/td><\/tr><tr><td>1bis<\/td><td>12\/03<\/td><td>Montr\u00e9jeau (31)<\/td><td>La flamme Occitane<\/td><td>15.2kms<\/td><td>9h00<\/td><td>1500pts<\/td><td><a href=\"https:\/\/acmrunningclub.jimdofree.com\">https:\/\/acmrunningclub.jimdofree.com<\/a>\/<\/td><td class=\"has-text-align-center\" data-align=\"center\"><a href=\"https:\/\/flamme-occitane-2023.onsinscrit.com\/accueil.php\">https:\/\/flamme-occitane-2023.onsinscrit.com\/accueil.php<\/a><\/td><\/tr><tr><td><br>2<br><\/td><td>19\/03<br><\/td><td>Auch(32)<\/td><td>Souffle du gers<\/td><td>10kms<\/td><td>10h00<\/td><td>1000pts<\/td><td><a href=\"https:\/\/www.lesouffledugers.fr\/page\/1407350-accueil\">https:\/\/www.lesouffledugers.fr\/page\/1407350-accueil<\/a><\/td><td class=\"has-text-align-center\" data-align=\"center\"><a href=\"https:\/\/www.njuko.net\/souffledugers2023\/select_competition\">https:\/\/www.njuko.net\/souffledugers2023\/select_competition<\/a><\/td><\/tr><tr><td>2<\/td><td>19\/03<\/td><td>Auch(32)<\/td><td>souffle du gers<\/td><td>21.1kms<\/td><td>9h50<\/td><td>2100pts<\/td><td><a href=\"https:\/\/www.lesouffledugers.fr\/page\/1407350-accueil\">https:\/\/www.lesouffledugers.fr\/page\/1407350-accueil<\/a><\/td><td class=\"has-text-align-center\" data-align=\"center\"><a href=\"https:\/\/www.njuko.net\/souffledugers2023\/select_competition\">https:\/\/www.njuko.net\/souffledugers2023\/select_competition<\/a><\/td><\/tr><tr><td>3<\/td><td>26\/03<\/td><td>Le Houga<\/td><td>Lou coursayre de l&rsquo;armagnac<\/td><td>7 kms<\/td><td>10h00<\/td><td>800 pts<\/td><td><a href=\"https:\/\/www.facebook.com\/PLBeroy32\/\">https:\/\/www.facebook.com\/PLBeroy32\/<\/a><\/td><td class=\"has-text-align-center\" data-align=\"center\"><\/td><\/tr><tr><td>3<\/td><td>26\/03<\/td><td>Le Houga<\/td><td>Lou coursayre de l&rsquo;armagna<\/td><td>14kms<\/td><td>10h00<\/td><td>1400pts<\/td><td><a href=\"https:\/\/www.facebook.com\/PLBeroy32\/\">https:\/\/www.facebook.com\/PLBeroy32\/<\/a><\/td><td class=\"has-text-align-center\" data-align=\"center\"><\/td><\/tr><tr><td>4<\/td><td>2\/04<\/td><td>Eauze (32)<\/td><td>la foul\u00e9e <br>de Sarah<\/td><td>8 kms<\/td><td>10h00<\/td><td>900 pts<\/td><td><a href=\"https:\/\/www.facebook.com\/runningclubelusate\">https:\/\/www.facebook.com\/runningclubelusate<\/a><\/td><td class=\"has-text-align-center\" data-align=\"center\">inscription sur place<\/td><\/tr><tr><td>4<\/td><td>2\/04<\/td><td>Eauze (32)<\/td><td>la course de Sarah<\/td><td>14kms<\/td><td>10h00<\/td><td>1400pts<\/td><td><a href=\"https:\/\/www.facebook.com\/runningclubelusate\">https:\/\/www.facebook.com\/runningclubelusate<\/a><\/td><td class=\"has-text-align-center\" data-align=\"center\">inscription sur place<\/td><\/tr><tr><td>5<\/td><td>16\/04<\/td><td>St Paul Sur Save (-31)<\/td><td>Entre Save et galop<\/td><td>9.3kms<\/td><td>9h45<\/td><td>1000pts<\/td><td><a href=\"https:\/\/trailentresaveetgalop.fr\/\">https:\/\/trailentresaveetgalop.fr\/<\/a><\/td><td class=\"has-text-align-center\" data-align=\"center\"><a href=\"https:\/\/chrono-start.com\/Inscription\/Course\/genforminscription\">https:\/\/chrono-start.com\/Inscription\/Course\/genforminscription<\/a><\/td><\/tr><tr><td>5<\/td><td>16\/04<\/td><td>St Paul Sur Save (-31)<\/td><td>Entre Save et galop<\/td><td>14.3kms<\/td><td>9h30<\/td><td>1500pts<\/td><td><a href=\"https:\/\/trailentresaveetgalop.fr\/\">https:\/\/trailentresaveetgalop.fr\/<\/a><\/td><td class=\"has-text-align-center\" data-align=\"center\"><a href=\"https:\/\/chrono-start.com\/Inscription\/Course\/genforminscription\">https:\/\/chrono-start.com\/Inscription\/Course\/genforminscription<\/a><\/td><\/tr><tr><td>5<\/td><td>16\/04<\/td><td>St Paul Sur Save (-31)<\/td><td>Entre Save et galop<\/td><td>24.3kms<\/td><td>9h15<\/td><td>2500pts<\/td><td><a href=\"https:\/\/trailentresaveetgalop.fr\/\">https:\/\/trailentresaveetgalop.fr\/<\/a><\/td><td class=\"has-text-align-center\" data-align=\"center\">https:\/\/chrono-start.com\/Inscription\/Course\/genforminscription<\/td><\/tr><tr><td>6<\/td><td>23\/04<\/td><td>Horgues(65)<\/td><td>foul\u00e9e du printemps<\/td><td>5kms<\/td><td>10h00<\/td><td>600pts<\/td><td><a href=\"https:\/\/www.facebook.com\/runclub65\">https:\/\/www.facebook.com\/runclub65<\/a><\/td><td class=\"has-text-align-center\" data-align=\"center\">inscription sur place<br> stade de foot horgues<\/td><\/tr><tr><td>6<\/td><td>23\/04<\/td><td>Horgues(65)<\/td><td>foul\u00e9e du printemps<\/td><td>10kms<\/td><td>10h00<\/td><td>1000pts<\/td><td><a href=\"https:\/\/www.facebook.com\/runclub65\">https:\/\/www.facebook.com\/runclub65<\/a><\/td><td class=\"has-text-align-center\" data-align=\"center\"><\/td><\/tr><tr><td>7<\/td><td>7\/05<\/td><td>Aurimont(32)<\/td><td>ballade<br> des coteaux<\/td><td>8.5 kms<\/td><td>9h30<\/td><td>1000pts<\/td><td>Nathalie DARIES 06.73.67.75.09<br>Patricia MULE : 06.31.46.03.26<\/td><td class=\"has-text-align-center\" data-align=\"center\"><a href=\"https:\/\/dashboard.chronometrage.com\/evenement\/balade-des-coteaux-aurimont\">https:\/\/dashboard.chronometrage.com\/evenement\/balade-des-coteaux-aurimont<\/a><\/td><\/tr><tr><td>7<\/td><td>07\/05<\/td><td>Aurimont(32)<\/td><td>ballade<br> des coteau<\/td><td>16.2kms<\/td><td>9h30<\/td><td>1600pts<\/td><td><a href=\"https:\/\/chronometrage.com\/events\/balade-des-coteaux-aurimont\">https:\/\/chronometrage.com\/events\/balade-des-coteaux-aurimont<\/a><\/td><td class=\"has-text-align-center\" data-align=\"center\"><a href=\"https:\/\/dashboard.chronometrage.com\/evenement\/balade-des-coteaux-aurimont\">https:\/\/dashboard.chronometrage.com\/evenement\/balade-des-coteaux-aurimont<\/a><\/td><\/tr><tr><td>7 bis<br><\/td><td>07\/05<\/td><td>Lafitte(82)<\/td><td>trail lafittois<br><\/td><td>10kms<\/td><td>9h00<\/td><td>1000pts<\/td><td><a href=\"http:\/\/www.lafittoistrail.fr\/\">http:\/\/www.lafittoistrail.fr\/<\/a><\/td><td class=\"has-text-align-center\" data-align=\"center\"><a href=\"https:\/\/chrono-start.com\/Inscription\/Course\/genforminscription\">https:\/\/chrono-start.com\/Inscription\/Course\/genforminscription<\/a><\/td><\/tr><tr><td>7bis<\/td><td>07\/05<\/td><td>Lafitte(82)<\/td><td>Trail lafittois<br><\/td><td>21kms<\/td><td>8h30<\/td><td>2200pts<\/td><td><a href=\"https:\/\/chrono-start.com\/Inscription\/Course\/detail\/c\/2800\">https:\/\/chrono-start.com\/Inscription\/Course\/detail\/c\/2800<\/a><\/td><td class=\"has-text-align-center\" data-align=\"center\"><a href=\"https:\/\/chrono-start.com\/Inscription\/Course\/genforminscription\">https:\/\/chrono-start.com\/Inscription\/Course\/genforminscription<\/a><\/td><\/tr><tr><td>bonus A<br><\/td><td>14\/05<\/td><td>Hontanx (10)<\/td><td>Trail des \u00e9tangs<\/td><td>8.5kms<\/td><td>9h00<\/td><td>1000pts<\/td><td><a href=\"https:\/\/www.facebook.com\/SportloisirsHontanxSaintGein\">https:\/\/www.facebook.com\/SportloisirsHontanxSaintGein<\/a><\/td><td class=\"has-text-align-center\" data-align=\"center\"><a href=\"https:\/\/pyreneeschrono.fr\/evenement\/trail-des-etangs\/\" data-type=\"URL\" data-id=\"https:\/\/pyreneeschrono.fr\/evenement\/trail-des-etangs\/\">https:\/\/pyreneeschrono.fr\/evenement\/trail-des-etangs\/<\/a><\/td><\/tr><tr><td>bonus A<\/td><td>14\/05<\/td><td>Hontanx (40)<br><\/td><td>Trail des \u00e9tangs<\/td><td>19.5kms<\/td><td>9h00<\/td><td>2000pts<\/td><td><a href=\"https:\/\/pyreneeschrono.fr\/evenement\/trail-des-etangs\/\">https:\/\/pyreneeschrono.fr\/evenement\/trail-des-etangs\/<\/a><\/td><td class=\"has-text-align-center\" data-align=\"center\"><a href=\"https:\/\/pyreneeschrono.fr\/evenement\/trail-des-etangs\/\" data-type=\"URL\" data-id=\"https:\/\/pyreneeschrono.fr\/evenement\/trail-des-etangs\/\">https:\/\/pyreneeschrono.fr\/evenement\/trail-des-etangs\/<\/a><\/td><\/tr><tr><td>8<\/td><td>18\/05<\/td><td>nogaro (32)<br><\/td><td>Nogarun<\/td><td>7kms<\/td><td>10h00<\/td><td>800pts<\/td><td>Thomas ESCUDIER 06.87.42.29.84<br>nogarun@laposte.net<\/td><td class=\"has-text-align-center\" data-align=\"center\"><a href=\"https:\/\/protiming.fr\/Runnings\/detail\/6785\">https:\/\/protiming.fr\/Runnings\/detail\/6785<\/a><\/td><\/tr><tr><td>8<\/td><td>18\/05<\/td><td>nogaro (32)<br><\/td><td>Nogarun<\/td><td>12kms<\/td><td>10h00<\/td><td>1200pts<\/td><td><a href=\"https:\/\/protiming.fr\/Runnings\/detail\/6785-Nogarun\">https:\/\/protiming.fr\/Runnings\/detail\/6785-Nogarun<\/a><\/td><td class=\"has-text-align-center\" data-align=\"center\"><a href=\"https:\/\/protiming.fr\/Runnings\/detail\/6785\">https:\/\/protiming.fr\/Runnings\/detail\/6785<\/a><\/td><\/tr><tr><td>8<\/td><td>18\/05<\/td><td>nogaro (32)<br><\/td><td>Nogarun<\/td><td>21kms<\/td><td>10h00<\/td><td>2100pts<\/td><td>Thomas ESCUDIER 06.87.42.29.84<br>nogarun@laposte.net<\/td><td class=\"has-text-align-center\" data-align=\"center\"><a href=\"https:\/\/protiming.fr\/Runnings\/detail\/6785\">https:\/\/protiming.fr\/Runnings\/detail\/6785<\/a><\/td><\/tr><tr><td>9<\/td><td>20\/05<\/td><td>Samatan (32)<\/td><td>Maxi verte<\/td><td>5kms<\/td><td>10h00<\/td><td>600pts<\/td><td><a href=\"https:\/\/www.facebook.com\/globtrottzelles\/\">https:\/\/www.facebook.com\/globtrottzelles\/<\/a><\/td><td class=\"has-text-align-center\" data-align=\"center\"><\/td><\/tr><tr><td>9<\/td><td>20\/05<\/td><td>Samatan (32)<br><\/td><td>Maxi verte<br><\/td><td>10kms<\/td><td>10h00<\/td><td>1000pts<\/td><td><a href=\"https:\/\/chronometrage.com\/events\/le-trail-de-la-maxi-verte-les-globtrottzelles?fbclid=IwAR2TuQMTxKSAz9Olz8oLVyJoHngVi7hYEZp2Vo76pkJX3sugGzSgWSy2IJg\" target=\"_blank\" rel=\"noreferrer noopener\">https:\/\/chro<\/a><a href=\"https:\/\/chronometrage.com\/events\/le-trail-de-la-maxi-verte-les-globtrottzelles?fbclid=IwAR2TuQMTxKSAz9Olz8oLVyJoHngVi7hYEZp2Vo76pkJX3sugGzSgWSy2IJg\">nometrage.com\/events\/le-trail-de-la-maxi-verte-les-globtrottzelles?fbclid=<\/a><a href=\"https:\/\/chronometrage.com\/events\/le-trail-de-la-maxi-verte-les-globtrottzelles?fbclid=IwAR2TuQMTxKSAz9Olz8oLVyJoHngVi7hYEZp2Vo76pkJX3sugGzSgWSy2IJg\" target=\"_blank\" rel=\"noreferrer noopener\">IwAR2TuQMTxKSAz9Olz8oLVyJoHngVi7hYEZp2Vo76pkJX3sugGzSgWSy2IJg<\/a><\/td><td class=\"has-text-align-center\" data-align=\"center\"><br><\/td><\/tr><tr><td>10<br><\/td><td>04\/06<\/td><td>Donzac (82)<br><\/td><td>trail du brulhois<br><\/td><td>10kms<\/td><td>9h00<\/td><td>1000pts<\/td><td><a href=\"https:\/\/www.facebook.com\/people\/Trail-de-Donzac\/100064749664256\/\">https:\/\/www.facebook.com\/people\/Trail-de-Donzac\/100064749664256\/<\/a><\/td><td class=\"has-text-align-center\" data-align=\"center\"><\/td><\/tr><tr><td>10<\/td><td>04\/06<\/td><td>Donzac (82)<\/td><td>Trai du brulhois<\/td><td>20kms<\/td><td>8h30<\/td><td>2000pts<\/td><td><a href=\"https:\/\/www.tiptiptop.top\/com\/articles.php?Page=24\">https:\/\/www.tiptiptop.top\/com\/articles.php?Page=24<\/a><\/td><td class=\"has-text-align-center\" data-align=\"center\"><\/td><\/tr><tr><td>11<\/td><td>09\/06<\/td><td>L&rsquo;Isle Jourdain (32)<\/td><td>foul\u00e9es de l&rsquo;isle<\/td><td>5kms<\/td><td>20h00<\/td><td>600pts<\/td><td><a href=\"http:\/\/www.lesfouleesdelisle.com\/\">http:\/\/www.lesfouleesdelisle.com\/<\/a><\/td><td class=\"has-text-align-center\" data-align=\"center\"><strong><a href=\"https:\/\/chrono-start.com\/inscriptions-listing\/\">www.chrono-start.com<\/a><\/strong><\/td><\/tr><tr><td>11<\/td><td>09\/06<\/td><td>L&rsquo;isle jourdaiin (32)<\/td><td>Foul\u00e9es de l&rsquo;isle<\/td><td>10kms<\/td><td>21h00<\/td><td>1000pts<\/td><td><a href=\"http:\/\/www.lesfouleesdelisle.com\/\">http:\/\/www.lesfouleesdelisle.com\/<\/a><\/td><td class=\"has-text-align-center\" data-align=\"center\"><strong>www.chr<a href=\"http:\/\/www?chronostart.com\">ono-start.c<\/a>om<\/strong><\/td><\/tr><tr><td>12<\/td><td>25\/06<\/td><td>Brax (32)<\/td><td>foul\u00e9es brax\u00e9enne<br><\/td><td>5kms<\/td><td>10h00<\/td><td>600pts<\/td><td><a href=\"https:\/\/www.lafouleebraxeenne.fr\/\">https:\/\/www.lafouleebraxeenne.fr\/<\/a><\/td><td class=\"has-text-align-center\" data-align=\"center\"><strong><a href=\"http:\/\/www.chronostart.com\">www.chrono-start.com<\/a><\/strong><\/td><\/tr><tr><td>12<\/td><td>25\/06<\/td><td>Brax (31)<br><\/td><td>foul\u00e9es brax\u00e9enne<br><\/td><td>11kms<\/td><td>9h30<\/td><td>1100pts<\/td><td><a href=\"https:\/\/www.lafouleebraxeenne.fr\/\">https:\/\/www.lafouleebraxeenne.fr\/<\/a><\/td><td class=\"has-text-align-center\" data-align=\"center\"><a href=\"https:\/\/chrono-start.com\/inscriptions-listing\/\">https:\/\/chrono-start.com\/inscriptions-listing\/<br><\/a><\/td><\/tr><tr><td>12<\/td><td>25\/06<\/td><td>Brax (31)<\/td><td>foul\u00e9es brax\u00e9enne<br><\/td><td>18kms<\/td><td>9h00<\/td><td>1800pts<\/td><td><a href=\"https:\/\/www.lafouleebraxeenne.fr\/\">https:\/\/www.lafouleebraxeenne.fr\/<\/a><\/td><td class=\"has-text-align-center\" data-align=\"center\"><strong><a href=\"https:\/\/chrono-start.com\/inscriptions-listing\/\">www.chrono-start.com<\/a><\/strong><\/td><\/tr><tr><td>12bis<\/td><td>25\/06<\/td><td>Soues (65)<\/td><td>la souessoise<br><\/td><td>10kms<\/td><td>9h00<\/td><td>1000pts<\/td><td>Tel: 06 12 33 09 97<br>m.caubisens@orange.fr<\/td><td class=\"has-text-align-center\" data-align=\"center\"><a href=\"https:\/\/www.jj-buffel.fr\/\">https:\/\/www.jj-buffel.fr\/<\/a><\/td><\/tr><tr><td>13<\/td><td>16\/07<\/td><td>Garganvillar (82)<\/td><td>trail du chateau des terrides<\/td><td>12kms<\/td><td>8h30<\/td><td>1200pts<\/td><td><a href=\"https:\/\/www.facebook.com\/people\/Course-Garganvillar-et-trail-du-ch%C3%A2teau-de-Terrides\/100063756421764\/\">https:\/\/www.facebook.com\/people\/Course-Garganvillar-et-trail-du-ch%C3%A2teau-de-Terrides\/100063756421764\/<\/a><\/td><td class=\"has-text-align-center\" data-align=\"center\"><a href=\"https:\/\/chrono-start.com\/inscriptions-listing\/\">https:\/\/chrono-start.com\/inscriptions-listing\/<\/a><\/td><\/tr><tr><td>13<\/td><td>16\/07<\/td><td>Graganvillar (82)<br><\/td><td>trail du chateau des terrides<\/td><td>22kms<\/td><td>8h00<\/td><td>2300pts<\/td><td><a href=\"https:\/\/www.facebook.com\/people\/Course-Garganvillar-et-trail-du-ch%C3%A2teau-de-Terrides\/100063756421764\/\">https:\/\/www.facebook.com\/people\/Course-Garganvillar-et-trail-du-ch%C3%A2teau-de-Terrides\/100063756421764\/<\/a><\/td><td class=\"has-text-align-center\" data-align=\"center\"><a href=\"https:\/\/chrono-start.com\/inscriptions-listing\/\">https:\/\/chrono-start.com\/inscriptions-listing\/<\/a><\/td><\/tr><tr><td>14<\/td><td>21\/07<\/td><td>Escatalens (82)<br><\/td><td>course de la madelaine<\/td><td>5kms<\/td><td>20h00<\/td><td>600pts<\/td><td>PASIN Danielle<br>06 72 46 78 95<\/td><td class=\"has-text-align-center\" data-align=\"center\"><a href=\"https:\/\/chrono-start.com\/inscriptions-listing\/\">https:\/\/chrono-start.com\/inscriptions-listin<\/a><\/td><\/tr><tr><td>14<\/td><td>21\/07<\/td><td>Escatalens (82)<\/td><td>course de la madelaine<br><\/td><td>10kms<\/td><td>20h00<\/td><td>1000pts<\/td><td><a href=\"https:\/\/www.facebook.com\/groups\/513561422166774\/\">https:\/\/www.facebook.com\/groups\/513561422166774\/<\/a><\/td><td class=\"has-text-align-center\" data-align=\"center\"><a href=\"https:\/\/chrono-start.com\/inscriptions-listing\/\">https:\/\/chrono-start.com\/inscriptions-listin<\/a><\/td><\/tr><tr><td>bonusB<\/td><td>05\/08<\/td><td>Lembeye (64)<br><\/td><td>foul\u00e9es du vic bilh<br><\/td><td>10kms<\/td><td>17h00<\/td><td>1000pts<\/td><td><a href=\"https:\/\/fouleesduvicbilh.jimdofree.com\/\">https:\/\/fouleesduvicbilh.jimdofree.com\/<\/a><\/td><td class=\"has-text-align-center\" data-align=\"center\"><a href=\"https:\/\/pyreneeschrono.fr\">https:\/\/pyreneeschrono.f<\/a>r<\/td><\/tr><tr><td>bonus B<\/td><td>05\/08<\/td><td>Lembeye (64)<\/td><td>foul\u00e9esdu vic bilh<br><\/td><td>18kms<\/td><td>17h00<\/td><td>1800pts<\/td><td><a href=\"https:\/\/www.facebook.com\/Fouleesduvicbilh\/\">https:\/\/www.facebook.com\/Fouleesduvicbilh\/<\/a><\/td><td class=\"has-text-align-center\" data-align=\"center\"><a href=\"https:\/\/pyreneeschrono.fr\">https:\/\/pyreneeschrono.fr<\/a><br><\/td><\/tr><tr><td>15<\/td><td>20\/08<\/td><td>Estang (32)<br><\/td><td>course de la houn sant<\/td><td>7.2kms<\/td><td>9h30<\/td><td>800pts<br><\/td><td><a href=\"https:\/\/www.cdfestang.fr\/\">https:\/\/www.cdfestang.fr\/<\/a><\/td><td class=\"has-text-align-center\" data-align=\"center\"><\/td><\/tr><tr><td>15<\/td><td>20\/08<\/td><td>Estang (32)<br><\/td><td>course de la houn sant<br><\/td><td>11.3.kms<\/td><td>9h30<\/td><td>1200pts<\/td><td><a href=\"https:\/\/www.facebook.com\/EstangCDF\">https:\/\/www.facebook.com\/EstangCDF<\/a><\/td><td class=\"has-text-align-center\" data-align=\"center\"><\/td><\/tr><tr><td>16<\/td><td>25\/08<\/td><td>Montech (82)<\/td><td>corrida<\/td><td>5kms<\/td><td>19h15<\/td><td>600pts<\/td><td><a href=\"http:\/\/www.couriramontech82.sitew.com\">http:\/\/www.couriramontech82.sitew.com<\/a>\/<\/td><td class=\"has-text-align-center\" data-align=\"center\"><a href=\"https:\/\/chrono-start.com\/inscriptions-listing\/\">https:\/\/chrono-start.com\/inscriptions-listing\/<\/a><\/td><\/tr><tr><td>16<\/td><td>25\/08<\/td><td>Montech (82)<\/td><td>corrida<\/td><td>10kms<\/td><td>19h15<\/td><td>1000pts<\/td><td><a href=\"https:\/\/www.facebook.com\/groups\/137019086324069\">https:\/\/www.facebook.com\/groups\/137019086324069<\/a><\/td><td class=\"has-text-align-center\" data-align=\"center\"><a href=\"https:\/\/chrono-start.com\/inscriptions-listing\/\">https:\/\/chrono-start.com\/inscriptions-listing\/<\/a><\/td><\/tr><tr><td>17<\/td><td>27\/08<\/td><td>Orn\u00e9zan &rsquo;32)<\/td><td>sportive orn\u00e9zanaise<\/td><td>9kms<\/td><td>9h00<\/td><td>1000pts<\/td><td><a href=\"https:\/\/www.facebook.com\/search\/top?q=sportive%20ornezan\">https:\/\/www.facebook.com\/search\/top?q=sportive%20ornezan<\/a><\/td><td class=\"has-text-align-center\" data-align=\"center\"><\/td><\/tr><tr><td>17<\/td><td>27\/08<\/td><td>Orn\u00e9zan &rsquo;32)<\/td><td>sportive orn\u00e9zanaise<\/td><td>14kms<\/td><td>9h15<\/td><td>1400pts<\/td><td><a href=\"https:\/\/www.facebook.com\/search\/top?q=sportive%20ornezan\">https:\/\/www.facebook.com\/search\/top?q=sportive%20ornezan<\/a><\/td><td class=\"has-text-align-center\" data-align=\"center\"><\/td><\/tr><tr><td>17<\/td><td>27\/08<\/td><td>Orn\u00e9zan &rsquo;32)<\/td><td>sportive orn\u00e9zanaise<\/td><td>21kms<\/td><td>9h00<\/td><td>2100pts<\/td><td><a href=\"https:\/\/www.facebook.com\/search\/top?q=sportive%20ornezan\">https:\/\/www.facebook.com\/search\/top?q=sportive%20ornezan<\/a><\/td><td class=\"has-text-align-center\" data-align=\"center\"><\/td><\/tr><tr><td>18<\/td><td>02\/09<\/td><td>Plaisance(32)<br><\/td><td>vins de st mont en course<br><\/td><td>21kms<\/td><td>10h00<\/td><td>2100pys<\/td><td><a href=\"https:\/\/www.vins-saintmont.com\/vignoble-en-course\/\">https:\/\/www.vins-saintmont.com\/vignoble-en-course\/<\/a><\/td><td class=\"has-text-align-center\" data-align=\"center\"><a href=\"https:\/\/pyreneeschrono.fr\">https:\/\/pyreneeschrono.fr<\/a><\/td><\/tr><tr><td>18<\/td><td>02\/09<\/td><td>Plaisance(32)<\/td><td>vins de st mont en course<br><\/td><td>12kms<\/td><td>14h30<\/td><td>1200pts<\/td><td><a href=\"https:\/\/www.vins-saintmont.com\/vignoble-en-course\/\">https:\/\/www.vins-saintmont.com\/vignoble-en-course\/<\/a><\/td><td class=\"has-text-align-center\" data-align=\"center\"><br><a href=\"https:\/\/pyreneeschrono.fr\">https:\/\/pyreneeschrono.fr<\/a><\/td><\/tr><tr><td>18<\/td><td>02\/09<\/td><td>Plaisance(32)<\/td><td>vins de st mont en course<br><\/td><td>9kms<\/td><td>14h30<\/td><td>1000pts<\/td><td><a href=\"https:\/\/www.vins-saintmont.com\/vignoble-en-course\/\">https:\/\/www.vins-saintmont.com\/vignoble-en-course\/<\/a><\/td><td class=\"has-text-align-center\" data-align=\"center\"><a href=\"https:\/\/pyreneeschrono.fr\">https:\/\/pyreneeschrono.fr<\/a><\/td><\/tr><tr><td>19<\/td><td>17\/09<\/td><td>Ayet (47)<\/td><td>course naturel des 3 plateaux<\/td><td>7kms<\/td><td>9h00<\/td><td>800pts<\/td><td><a href=\"https:\/\/course-nature-des-3-plateaux.jimdofree.com\">https:\/\/course-nature-des-3-plateaux.jimdofree.com<\/a><\/td><td class=\"has-text-align-center\" data-align=\"center\"><\/td><\/tr><tr><td>19<\/td><td>17\/09<\/td><td>Ayet (47)<\/td><td>course naturel des 3 plateaux<\/td><td>11.3kms<\/td><td>9h00<\/td><td>1200pts<\/td><td><a href=\"https:\/\/course-nature-des-3-plateaux.jimdofree.com\">https:\/\/course-nature-des-3-plateaux.jimdofree.com<\/a><\/td><td class=\"has-text-align-center\" data-align=\"center\"><\/td><\/tr><tr><td>19<\/td><td>17\/09<\/td><td>Ayet (47)<\/td><td>course naturel des 3 plateaux<\/td><td>20kms<\/td><td>8h30<\/td><td>2000pts<\/td><td><a href=\"https:\/\/course-nature-des-3-plateaux.jimdofree.com\">https:\/\/course-nature-des-3-plateaux.jimdofree.com<\/a><\/td><td class=\"has-text-align-center\" data-align=\"center\"><\/td><\/tr><tr><td>19bis<\/td><td>17\/09<\/td><td>Vic fezensac (32)<\/td><td>galop&rsquo;in vic<\/td><td>7kms<\/td><td>9h30<\/td><td>800pts<\/td><td><a href=\"https:\/\/www.facebook.com\/groups\/1490034017940251\">https:\/\/www.facebook.com\/groups\/1490034017940251<\/a><\/td><td class=\"has-text-align-center\" data-align=\"center\"><\/td><\/tr><tr><td>19bis<\/td><td>17\/09<\/td><td>Vic fezensac (32)<\/td><td>galop&rsquo;in vic<\/td><td>12kms<\/td><td>9h30<\/td><td>1200pts<\/td><td><a href=\"https:\/\/www.facebook.com\/groups\/1490034\">https:\/\/www.facebook.com\/groups\/1490034<\/a><\/td><td class=\"has-text-align-center\" data-align=\"center\"><\/td><\/tr><tr><td>20<\/td><td>24\/09<\/td><td>condom(32)<\/td><td>foul\u00e9es condomoises<\/td><td>5kms<\/td><td>9h00<\/td><td>600pts<\/td><td><a href=\"http:\/\/www.sacathletisme.fr\/Foulees.html\">http:\/\/www.sacathletisme.fr\/Foulees.html<\/a><\/td><td class=\"has-text-align-center\" data-align=\"center\"><\/td><\/tr><tr><td>20<\/td><td>24\/09<\/td><td>Condom(32)<\/td><td>foul\u00e9es condomoise<\/td><td>10.5kms<\/td><td>9h00<\/td><td>1100pts<\/td><td><a href=\"http:\/\/www.sacathletisme.fr\/Foulees.htm\">http:\/\/www.sacathletisme.fr\/Foulees.htm<\/a>l<\/td><td class=\"has-text-align-center\" data-align=\"center\"><\/td><\/tr><tr><td>20bis<\/td><td>24\/09<\/td><td>Villeneuve de Marsan (40)<\/td><td>semi-marathon de l&rsquo;armagnac<\/td><td>10kms<\/td><td>9h00<\/td><td>1000pts<\/td><td>https:\/\/semi-marathon-armagnac.com\/<\/td><td class=\"has-text-align-center\" data-align=\"center\"><\/td><\/tr><tr><td>20 bis<\/td><td>24\/09<\/td><td>Villeneuve de Marsan(40)<\/td><td>semi-marathon de l&rsquo;armagnac<\/td><td>21.1kms<\/td><td>9h00<\/td><td>2100pts<\/td><td>h<a href=\"ttps:\/\/semi-marathon-armagnac.com\/\">ttps:\/\/semi-marathon-armagnac.com\/<\/a><\/td><td class=\"has-text-align-center\" data-align=\"center\"><\/td><\/tr><tr><td>bonusc<\/td><td>01\/10<\/td><td>Foulayronnes(47)<\/td><td>course des moulins<\/td><td>12kms<\/td><td>9h30<\/td><td>1200pts<\/td><td><a href=\"https:\/\/www.lacoursedesmoulins.com\/course-des-moulins\/\">https:\/\/www.lacoursedesmoulins.com\/course-des-moulins\/<\/a><\/td><td class=\"has-text-align-center\" data-align=\"center\"><\/td><\/tr><tr><td>bonus C<\/td><td>01\/10<\/td><td>Foulayronnes(47)<\/td><td>course des moulins<\/td><td>23kms<\/td><td>9h00<\/td><td>2300pts<\/td><td><a href=\"https:\/\/www.lacoursedesmoulins.com\/course-des-moulins\/\">https:\/\/www.lacoursedesmoulins.com\/course-des-moulins\/<\/a><\/td><td class=\"has-text-align-center\" data-align=\"center\"><\/td><\/tr><tr><td>21<\/td><td>07\/10<\/td><td>Grenade(31)<\/td><td>cap sur Grenade<\/td><td>5kms<\/td><td>18h00<\/td><td>600pts<\/td><td><a href=\"https:\/\/enfiletesbaskets.fr\/\">https:\/\/enfiletesbaskets.fr\/<\/a><\/td><td class=\"has-text-align-center\" data-align=\"center\"><\/td><\/tr><tr><td>21<\/td><td>07\/10<\/td><td>Grenade(31)<\/td><td>cap sur Grenade<\/td><td>8kms<\/td><td>17h45<\/td><td>900pts<\/td><td><a href=\"https:\/\/enfiletesbaskets.fr\/\">https:\/\/enfiletesbaskets.fr\/<\/a><\/td><td class=\"has-text-align-center\" data-align=\"center\"><\/td><\/tr><tr><td>21<\/td><td>07\/10<\/td><td>Grenade(31)<\/td><td>cap sur Grenade<\/td><td>10kms<\/td><td>18h00<\/td><td>1000pts<\/td><td><a href=\"https:\/\/enfiletesbaskets.fr\/\">https:\/\/enfiletesbaskets.fr\/<\/a><\/td><td class=\"has-text-align-center\" data-align=\"center\"><\/td><\/tr><tr><td>21<\/td><td>07\/10<\/td><td>Grenade(31)<\/td><td>cap sur Grenade<\/td><td>17kms<\/td><td>17h30<\/td><td>1700pts<\/td><td><a href=\"https:\/\/enfiletesbaskets.fr\/\">https:\/\/enfiletesbaskets.fr\/<\/a><\/td><td class=\"has-text-align-center\" data-align=\"center\"><\/td><\/tr><tr><td>22<\/td><td>08\/10<\/td><td>Madiran(65)<\/td><td>foul\u00e9e du Madiran<br><\/td><td>13kms<\/td><td>9h15<\/td><td>1300pts<\/td><td><a href=\"https:\/\/commune-madiran.com\">https:\/\/commune-madiran.com<\/a><\/td><td class=\"has-text-align-center\" data-align=\"center\"><a href=\"https:\/\/pyreneeschrono.fr\">https:\/\/pyreneeschrono.fr<\/a><\/td><\/tr><tr><td>22<\/td><td>08\/10<\/td><td>Madiran(65)<\/td><td>foul\u00e9e du Madiran<\/td><td>15kms<\/td><td>10h00<\/td><td>1500pts<\/td><td><a href=\"https:\/\/commune-madiran.com\">https:\/\/commune-madiran.com<\/a><\/td><td class=\"has-text-align-center\" data-align=\"center\"><a href=\"https:\/\/pyreneeschrono.fr\">https:\/\/pyreneeschrono.fr<\/a><\/td><\/tr><tr><td>22<\/td><td>08\/10<\/td><td>Madiran(65)<\/td><td>foul\u00e9e du Madiran<\/td><td>21kms<\/td><td>9h00<\/td><td>2100pts<\/td><td><a href=\"https:\/\/commune-madiran.com\">https:\/\/commune-madiran.com<\/a><\/td><td class=\"has-text-align-center\" data-align=\"center\"><\/td><\/tr><tr><td>23<\/td><td>15\/10<\/td><td>Ordan Larroque (32)<\/td><td>trail de castel st louis<\/td><td>6.2kms<\/td><td>9h30<\/td><td>700pts<\/td><td>https:\/\/www.facebook.com\/pages\/Foyer-Castel-Saint-Louis\/1975103866042843<\/td><td class=\"has-text-align-center\" data-align=\"center\"><\/td><\/tr><tr><td>23<\/td><td>15\/10<\/td><td>Ordan larroque (32)<\/td><td>trail de castel st louis<\/td><td>12.2kms<\/td><td>9h30<\/td><td>1200pts<\/td><td><a href=\"https:\/\/www.facebook.com\/pages\/Foyer-Castel-Saint-Louis\/1975103866042843\">https:\/\/www.facebook.com\/pages\/Foyer-Castel-Saint-Louis\/1975103866042843<\/a><\/td><td class=\"has-text-align-center\" data-align=\"center\"><\/td><\/tr><tr><td>23bis<\/td><td>15\/10<\/td><td>Lavit de Lomagne(82)<\/td><td>La translomagnole<\/td><td>12kms<\/td><td>9h30<\/td><td>1200pts<\/td><td><a href=\"https:\/\/www.facebook.com\/mairielavit\">https:\/\/www.facebook.com\/mairielavit<\/a><\/td><td class=\"has-text-align-center\" data-align=\"center\"><\/td><\/tr><tr><td>23bis<\/td><td>15\/10<\/td><td>Lavit de Lomagne(82)<\/td><td>la translomagnole<br><\/td><td>19.5kms<\/td><td>9h30<\/td><td>2000pts<\/td><td><a href=\"https:\/\/www.facebook.com\/mairielavit\">https:\/\/www.facebook.com\/mairielavit<\/a><\/td><td class=\"has-text-align-center\" data-align=\"center\"><\/td><\/tr><tr><td>24<\/td><td>22\/10<\/td><td>St Sardos (82)<\/td><td>trail des vignerons<\/td><td>10kms<\/td><td>9h30<\/td><td>1000pts<\/td><td>Comit\u00e9 des f\u00eates et asso<br>Lon del Camin<br>HENRIC St\u00e9phanie<br>06 11 53 69 20 stephanie.gramaglia@hotmail.fr<\/td><td class=\"has-text-align-center\" data-align=\"center\"><\/td><\/tr><tr><td>24<\/td><td>22\/10<\/td><td>St Sardos (82)<\/td><td>trail des vignerons<\/td><td>23kms<\/td><td>9h30<\/td><td>2300pts<\/td><td><a href=\"https:\/\/www.facebook.com\/comitedesfetes.saintsardos\">https:\/\/www.facebook.com\/comitedesfetes.saintsardos<\/a><\/td><td class=\"has-text-align-center\" data-align=\"center\"><\/td><\/tr><tr><td>24bis<\/td><td>22\/10<\/td><td>St Sixte(47)<\/td><td>course des lacs<\/td><td>5kms<\/td><td>10h00<\/td><td>600pts<\/td><td><a href=\"https:\/\/www.facebook.com\/La-balade-des-lacs-111095797395650\/\">https:\/\/www.facebook.com\/La-balade-des-lacs-111095797395650\/<\/a><\/td><td class=\"has-text-align-center\" data-align=\"center\"><\/td><\/tr><tr><td>24bis<\/td><td>22\/10<\/td><td>St Sixte(47)<\/td><td><\/td><td>10kms<\/td><td>9h00<\/td><td>1000pts<\/td><td><a href=\"https:\/\/www.facebook.com\/La-balade-des-lacs-111095797395650\/\">https:\/\/www.facebook.com\/La-balade-des-lacs-111095797395650\/<\/a><\/td><td class=\"has-text-align-center\" data-align=\"center\"><\/td><\/tr><tr><td>25<\/td><td>5\/11<\/td><td>Ibos(65)<\/td><td>La M\u00e9ridienne<\/td><td>10kms<\/td><td>10h00<\/td><td>1000pts<\/td><td><a href=\"https:\/\/meridienne.tarbespyrenees-athletisme.com\/\">https:\/\/meridienne.tarbespyrenees-athletisme.com\/<\/a><\/td><td class=\"has-text-align-center\" data-align=\"center\"><\/td><\/tr><tr><td>26<\/td><td>18\/11<\/td><td>St Pierre de Clairac (47)<\/td><td>GWEN<\/td><td>13.5kms<\/td><td>19h00<\/td><td>1400pts<\/td><td><a href=\"https:\/\/www.psno.fr\/\">https:\/\/www.psno.fr\/<\/a><\/td><td class=\"has-text-align-center\" data-align=\"center\"><\/td><\/tr><tr><td>26<\/td><td>19\/11<\/td><td>St Pierre de Clairac (47)<\/td><td>GWEN<\/td><td>13.5kms<\/td><td>9h45<\/td><td>1400pts<\/td><td><a href=\"https:\/\/www.psno.fr\/\">https:\/\/www.psno.fr\/<\/a><\/td><td class=\"has-text-align-center\" data-align=\"center\"><\/td><\/tr><tr><td>26<\/td><td>19\/11<\/td><td>St Pierre de Clairac (47)<\/td><td>GWEN<\/td><td>26.5kms<\/td><td>9h30<\/td><td>2700pts<\/td><td><a href=\"https:\/\/www.psno.fr\/\">https:\/\/www.psno.fr\/<\/a><\/td><td class=\"has-text-align-center\" data-align=\"center\"><\/td><\/tr><tr><td>27<\/td><td>26\/11<\/td><td>Aventignan(65)<\/td><td>autour de Gargas<\/td><td>6.2kms<\/td><td>9h45<\/td><td>700pts<\/td><td><a href=\"https:\/\/acmrunningclub.jimdofree.com\">https:\/\/acmrunningclub.jimdofree.com<\/a>\/<\/td><td class=\"has-text-align-center\" data-align=\"center\"><\/td><\/tr><tr><td>27<\/td><td>26\/11<\/td><td>Aventignan(65)<\/td><td>autour de Gargas<\/td><td>15kms<\/td><td>9h30<\/td><td>1500pts<\/td><td><a href=\"https:\/\/acmrunningclub.jimdofree.com\">https:\/\/acmrunningclub.jimdofree.com<\/a>\/<\/td><td class=\"has-text-align-center\" data-align=\"center\"><\/td><\/tr><tr><td>27bis<\/td><td>26\/11<\/td><td>Casteljaloux(47)<\/td><td>semi marathon et 10km<\/td><td>10kms<\/td><td>10h00<\/td><td>1000pts<\/td><td><a href=\"https:\/\/www.mairie-casteljaloux.fr\/index.php\/decouvrir-casteljaloux\/loisirs-et-vie-associative\/les-21kms-de-casteljaloux\">https:\/\/www.mairie-casteljaloux.fr\/index.php\/decouvrir-casteljaloux\/loisirs-et-vie-associative\/les-21kms-de-casteljaloux<\/a><\/td><td class=\"has-text-align-center\" data-align=\"center\"><\/td><\/tr><tr><td>27bis<\/td><td>26\/11<\/td><td>Casteljaloux(47)<\/td><td>semi marathon et 10km<\/td><td>211kms<\/td><td>9h30<\/td><td>2100pts<\/td><td><a href=\"https:\/\/www.mairie-casteljaloux.fr\/index.php\/decouvrir-casteljaloux\/loisirs-et-vie-associative\/les-21kms-de-casteljaloux\">https:\/\/www.mairie-casteljaloux.fr\/index.php\/decouvrir-casteljaloux\/loisirs-et-vie-associative\/les-21kms-de-casteljaloux<\/a><\/td><td class=\"has-text-align-center\" data-align=\"center\"><\/td><\/tr><tr><td>28<\/td><td>10\/12<\/td><td>Cauderoue Barbaste(47)<\/td><td>course des sables<\/td><td>8kms<\/td><td>900pts<\/td><td>900pts<\/td><td><a href=\"https:\/\/www.coeuretsport47.fr\/\">https:\/\/www.coeuretsport47.fr\/<\/a><\/td><td class=\"has-text-align-center\" data-align=\"center\"><\/td><\/tr><tr><td>28<\/td><td>10\/12<\/td><td>Cauderoue Barbaste(47)<\/td><td>course des sables<\/td><td>15kms<\/td><td>1500pts<\/td><td>1500pts<\/td><td><a href=\"https:\/\/www.coeuretsport47.fr\/\">https:\/\/www.coeuretsport47.fr\/<\/a><\/td><td class=\"has-text-align-center\" data-align=\"center\"><\/td><\/tr><tr><td>29<\/td><td>24\/12<\/td><td>Aureilhan&rsquo;65)<br><\/td><td>corrida lou beretes<\/td><td>11kms<\/td><td>16h00<\/td><td>1100pts<\/td><td><a href=\"https:\/\/asca-fgf-aureilhan.clubeo.com\">https:\/\/asca-fgf-aureilhan.clubeo.com<\/a><\/td><td class=\"has-text-align-center\" data-align=\"center\"><\/td><\/tr><tr><td>30<\/td><td>31\/12<\/td><td>Auch(32)<\/td><td>corrida des berges<\/td><td>8.4kms<\/td><td>1000pts<\/td><td>1000pts<\/td><td><a href=\"https:\/\/ac-auch.fr\/corrida.php\">https:\/\/ac-auch.fr\/corrida.php<\/a><\/td><td class=\"has-text-align-center\" data-align=\"center\"><\/td><\/tr><tr><td><\/td><td><\/td><td><\/td><td><\/td><td><\/td><td><\/td><td><\/td><td><\/td><td class=\"has-text-align-center\" data-align=\"center\"><\/td><\/tr><\/tbody><\/table><figcaption class=\"wp-element-caption\">les liens inscription seront mis \u00e0 jour au fur et \u00e0 mesure de leur publication<\/figcaption><\/figure>\n<\/div>\n<\/div>\n\n\n\n<p><\/p>\n\n\n\n<p><\/p>\n\n\n\n<p><\/p>\n\n\n\n<p><\/p>\n<\/div>\n<\/div>\n\n\n\n<p><\/p>\n","protected":false},"excerpt":{"rendered":"<p>1 12\/03 Mi\u00e9lan (32) Vasco trail 13kms 10h00 1300pts vascotrail@gmail.com https:\/\/chronometrage.com\/events\/vascotrail-2023 1bis 12\/03 Montr\u00e9jeau (31) La flamme Occitane 5kms 9h45 600pts https:\/\/acmrunningclub.jimdofree.com\/ https:\/\/flamme-occitane-2023.onsinscrit.com\/accueil.php 1bis 12\/03 Montr\u00e9jeau (31) La flamme Occitane 15.2kms 9h00 1500pts https:\/\/acmrunningclub.jimdofree.com\/ https:\/\/flamme-occitane-2023.onsinscrit.com\/accueil.php 2 19\/03 Auch(32) Souffle du gers 10kms 10h00 1000pts https:\/\/www.lesouffledugers.fr\/page\/1407350-accueil https:\/\/www.njuko.net\/souffledugers2023\/select_competition 2 19\/03 Auch(32) souffle du gers 21.1kms 9h50 2100pts &hellip; <\/p>\n<p class=\"link-more\"><a href=\"https:\/\/challengeregionalfoulees32.fr\/?page_id=1335\" class=\"more-link\">Continuer la lecture<span class=\"screen-reader-text\"> de &laquo;&nbsp;Calendrier 2023 modificatif au 5 septembre 2023 suite annulations d&rsquo;\u00e9preuves liens \u00e0 jour&nbsp;&raquo;<\/span><\/a><\/p>\n","protected":false},"author":1,"featured_media":0,"parent":0,"menu_order":6,"comment_status":"closed","ping_status":"closed","template":"","meta":{"footnotes":""},"_links":{"self":[{"href":"https:\/\/challengeregionalfoulees32.fr\/index.php?rest_route=\/wp\/v2\/pages\/1335"}],"collection":[{"href":"https:\/\/challengeregionalfoulees32.fr\/index.php?rest_route=\/wp\/v2\/pages"}],"about":[{"href":"https:\/\/challengeregionalfoulees32.fr\/index.php?rest_route=\/wp\/v2\/types\/page"}],"author":[{"embeddable":true,"href":"https:\/\/challengeregionalfoulees32.fr\/index.php?rest_route=\/wp\/v2\/users\/1"}],"replies":[{"embeddable":true,"href":"https:\/\/challengeregionalfoulees32.fr\/index.php?rest_route=%2Fwp%2Fv2%2Fcomments&post=1335"}],"version-history":[{"count":17,"href":"https:\/\/challengeregionalfoulees32.fr\/index.php?rest_route=\/wp\/v2\/pages\/1335\/revisions"}],"predecessor-version":[{"id":1575,"href":"https:\/\/challengeregionalfoulees32.fr\/index.php?rest_route=\/wp\/v2\/pages\/1335\/revisions\/1575"}],"wp:attachment":[{"href":"https:\/\/challengeregionalfoulees32.fr\/index.php?rest_route=%2Fwp%2Fv2%2Fmedia&parent=1335"}],"curies":[{"name":"wp","href":"https:\/\/api.w.org\/{rel}","templated":true}]}}